{"id":4461,"date":"2025-12-01T21:00:50","date_gmt":"2025-12-01T20:00:50","guid":{"rendered":"https:\/\/pfe-trade.com\/sv\/?post_type=sustainability&#038;p=4461"},"modified":"2025-12-02T15:18:11","modified_gmt":"2025-12-02T14:18:11","slug":"ny-digital-resurs-for-vardgivare-inom-tradgardsnaringen-fran-perennial","status":"publish","type":"sustainability","link":"https:\/\/pfe-trade.com\/sv\/sustainability\/ny-digital-resurs-for-vardgivare-inom-tradgardsnaringen-fran-perennial\/","title":{"rendered":"Ny digital resurs f\u00f6r v\u00e5rdgivare inom tr\u00e4dg\u00e5rdsn\u00e4ringen fr\u00e5n Perennial"},"content":{"rendered":"<p><strong>\u00c4mne:<\/strong> Anst\u00e4llning och v\u00e4lf\u00e4rd<br \/>\n<strong>\u200dOriginalspr\u00e5k: <img decoding=\"async\" src=\"\/wp-content\/plugins\/multisite-language-switcher\/css-flags\/flags\/4x3\/gb.svg\" style=\"height: 1.25rem;\" alt=\"Flag gb\" title=\"EN\"\/>\u00a0<\/strong><br \/>\n<strong>Publiceringsdatum:<\/strong> 19 februari 2024<\/p>\n<p>Organisationen Perennial lanserar ett kostnadsfritt digitalt verktyg f\u00f6r personer med omsorgsansvar inom tr\u00e4dg\u00e5rdsn\u00e4ringen. Resursen erbjuder personligt anpassat st\u00f6d, praktiska guider och en app f\u00f6r att samordna omsorgsuppgifter p\u00e5 ett effektivt s\u00e4tt.<\/p>\n<p><em>L\u00e4s artikeln p\u00e5<\/em><a href=\"https:\/\/hortnews.com\/new-digital-resource-for-carers-within-the-horticultural-community-from-perennial\/\"><em> hortnews.com &#8230;<\/em><\/a><\/p>\n<p>&nbsp;<\/p><div class=\"acf-fields-container\" data-post-id=\"4461\" data-canto-acf=\"true\"><\/div><style>\r\n        .acf-fields-container {\r\n            margin: 2em 0;\r\n            width: 100%;\r\n            clear: both;\r\n        }\r\n        .acf-field-image {\r\n            margin: 1.5em 0;\r\n            position: relative;\r\n        }\r\n        .acf-field-label {\r\n            margin-bottom: 1em;\r\n        }\r\n        .acf-image {\r\n            max-width: 100%;\r\n            height: auto;\r\n            display: block;\r\n            margin: 1em 0;\r\n        }\r\n    <\/style>","protected":false},"featured_media":0,"template":"","meta":{"_acf_changed":false,"inline_featured_image":false},"sustainabilitycategory":[115],"class_list":["post-4461","sustainability","type-sustainability","status-publish","hentry","sustainabilitycategory-anstallning-och-valfard"],"acf":[],"_links":{"self":[{"href":"https:\/\/pfe-trade.com\/sv\/wp-json\/wp\/v2\/sustainability\/4461","targetHints":{"allow":["GET"]}}],"collection":[{"href":"https:\/\/pfe-trade.com\/sv\/wp-json\/wp\/v2\/sustainability"}],"about":[{"href":"https:\/\/pfe-trade.com\/sv\/wp-json\/wp\/v2\/types\/sustainability"}],"wp:attachment":[{"href":"https:\/\/pfe-trade.com\/sv\/wp-json\/wp\/v2\/media?parent=4461"}],"wp:term":[{"taxonomy":"sustainabilitycategory","embeddable":true,"href":"https:\/\/pfe-trade.com\/sv\/wp-json\/wp\/v2\/sustainabilitycategory?post=4461"}],"curies":[{"name":"wp","href":"https:\/\/api.w.org\/{rel}","templated":true}]}}