{"id":4400,"date":"2025-11-20T15:00:02","date_gmt":"2025-11-20T14:00:02","guid":{"rendered":"https:\/\/pfe-trade.com\/sv\/?post_type=sustainability&#038;p=4400"},"modified":"2025-11-20T15:00:02","modified_gmt":"2025-11-20T14:00:02","slug":"robotik-och-ai-i-lantbruket-ai-land-blir-medlem-i-agrobusiness-niederrhein","status":"publish","type":"sustainability","link":"https:\/\/pfe-trade.com\/sv\/sustainability\/robotik-och-ai-i-lantbruket-ai-land-blir-medlem-i-agrobusiness-niederrhein\/","title":{"rendered":"Robotik och AI i lantbruket \u2013 AI.Land blir medlem i Agrobusiness Niederrhein"},"content":{"rendered":"<p><strong>\u00c4mne:<\/strong> Blandade \u00e4mnen<br \/>\n<strong>\u200dOriginalspr\u00e5k: <img decoding=\"async\" src=\"\/wp-content\/plugins\/multisite-language-switcher\/css-flags\/flags\/4x3\/de.svg\" style=\"height: 1.25rem;\" alt=\"Flag de\" title=\"DE\"\/>\u00a0<\/strong><br \/>\n<strong>Publiceringsdatum:<\/strong> 25 januari 2024<br \/>\nI den h\u00e4r intervjun presenterar Dr. Josef Franko en m\u00e5ngsidig robot, driven av solenergi, f\u00f6r plantering, bevattning, v\u00e4xtskydd och sk\u00f6rd. AI.Land ansluter sig till Agrobusiness Niederrhein f\u00f6r att fr\u00e4mja innovativ robotteknik inom jordbruket.<\/p>\n<p>L\u00e4s artikeln p\u00e5<a href=\"https:\/\/www.dega-gartenbau.de\/article-7842608-51839\/robotik-und-ki-fuer-die-landwirtschaft-ai-land-ist-jetzt-mitglied-bei-agrobusiness-niederrhein-.html\" target=\"_blank\" rel=\"noopener\"> dega-gartenbau.de<\/a><\/p>\n<p>&nbsp;<\/p><div class=\"acf-fields-container\" data-post-id=\"4400\" data-canto-acf=\"true\"><\/div><style>\r\n        .acf-fields-container {\r\n            margin: 2em 0;\r\n            width: 100%;\r\n            clear: both;\r\n        }\r\n        .acf-field-image {\r\n            margin: 1.5em 0;\r\n            position: relative;\r\n        }\r\n        .acf-field-label {\r\n            margin-bottom: 1em;\r\n        }\r\n        .acf-image {\r\n            max-width: 100%;\r\n            height: auto;\r\n            display: block;\r\n            margin: 1em 0;\r\n        }\r\n    <\/style>","protected":false},"featured_media":0,"template":"","meta":{"_acf_changed":false,"inline_featured_image":false},"sustainabilitycategory":[120],"class_list":["post-4400","sustainability","type-sustainability","status-publish","hentry","sustainabilitycategory-blandade-amnen"],"acf":[],"_links":{"self":[{"href":"https:\/\/pfe-trade.com\/sv\/wp-json\/wp\/v2\/sustainability\/4400","targetHints":{"allow":["GET"]}}],"collection":[{"href":"https:\/\/pfe-trade.com\/sv\/wp-json\/wp\/v2\/sustainability"}],"about":[{"href":"https:\/\/pfe-trade.com\/sv\/wp-json\/wp\/v2\/types\/sustainability"}],"wp:attachment":[{"href":"https:\/\/pfe-trade.com\/sv\/wp-json\/wp\/v2\/media?parent=4400"}],"wp:term":[{"taxonomy":"sustainabilitycategory","embeddable":true,"href":"https:\/\/pfe-trade.com\/sv\/wp-json\/wp\/v2\/sustainabilitycategory?post=4400"}],"curies":[{"name":"wp","href":"https:\/\/api.w.org\/{rel}","templated":true}]}}