{"id":655,"date":"2021-12-27T18:24:59","date_gmt":"2021-12-27T18:24:59","guid":{"rendered":"https:\/\/meine-geranien.de\/sv\/?page_id=655"},"modified":"2025-12-22T08:54:24","modified_gmt":"2025-12-22T07:54:24","slug":"producenter","status":"publish","type":"page","link":"https:\/\/pfe-trade.com\/sv\/producenter\/","title":{"rendered":"Producenter"},"content":{"rendered":"<div class=\"wpb-content-wrapper\"><p>[vc_row][vc_column][vc_custom_heading text=&#8221;Med v\u00e5rt st\u00f6d kan du s\u00e4lja fler pelargoner&#8221; font_container=&#8221;tag:h2|text_align:center&#8221; use_theme_fonts=&#8221;yes&#8221; css=&#8221;&#8221; el_class=&#8221;pfe-small2&#8243; el_id=&#8221;saelja&#8221;][vc_column_text css=&#8221;&#8221;]<\/p>\n<p style=\"text-align: center;\">Varje \u00e5r n\u00e5r vi ut till miljontals konsumenter genom v\u00e5ra omfattande PR- och marknadsf\u00f6ringskampanjer d\u00e4r vi lyfter din produkt direkt mot slutkund. H\u00e4r kan du l\u00e4sa mer om vad vi g\u00f6r f\u00f6r att st\u00f6tta din verksamhet och hur du kan dra nytta av v\u00e5rt arbete. Oavsett om det handlar om att medverka som expert i media eller anv\u00e4nda v\u00e5rt bildmaterial, v\u00e5ra texter eller filmer.<\/p>\n<p>[\/vc_column_text][\/vc_column][\/vc_row][vc_row el_class=&#8221;pfe-flexibel-abstand&#8221;][vc_column][vc_empty_space height=&#8221;50px&#8221;][\/vc_column][\/vc_row][vc_row][vc_column width=&#8221;1\/2&#8243;][vc_single_image image=&#8221;3768&#8243; img_size=&#8221;full&#8221;][\/vc_column][vc_column width=&#8221;1\/2&#8243;][vc_custom_heading text=&#8221;Vi inspirerar konsumenter&#8221; use_theme_fonts=&#8221;yes&#8221; css=&#8221;&#8221; el_class=&#8221;pfe-small2&#8243;][vc_column_text css=&#8221;&#8221;]V\u00e5r breda konsumentkampanj lyfter fram pelargonens f\u00f6rdelar, till exempel att den \u00e4r enkel att sk\u00f6ta om, med m\u00e5let att \u00f6ka k\u00e4nnedomen och f\u00e5 fler att v\u00e4lja just dina v\u00e4xter. Vi s\u00e4tter pelargonen i rampljuset via tv och radio, samarbetar med v\u00e4lk\u00e4nda influencers, syns i ledande dagstidningar och magasin, samt deltar i festivaler och publika evenemang.<br \/>\nVill du se vad som gjorts i just ditt land? Ta del av v\u00e5r senaste \u00e5rsrapport eller prenumerera p\u00e5 v\u00e5rt nyhetsbrev.[\/vc_column_text][vc_column_text css=&#8221;&#8221;]<a href=\"https:\/\/us18.campaign-archive.com\/home\/?u=134b7d583f28b28e232f5f377&amp;id=1e2185f037\">Se senaste \u00e5rsrapporten &gt;&gt;<\/a><\/p>\n<p><a href=\"https:\/\/pelargoniumforeurope.us18.list-manage.com\/subscribe?u=134b7d583f28b28e232f5f377&amp;id=1e2185f037\">Prenumerera p\u00e5 v\u00e5rt nyhetsbrev &gt;&gt;<\/a>[\/vc_column_text][\/vc_column][\/vc_row][vc_row el_class=&#8221;pfe-flexibel-abstand&#8221;][vc_column][vc_empty_space height=&#8221;50px&#8221;][\/vc_column][\/vc_row][vc_row][vc_column width=&#8221;1\/2&#8243;][vc_custom_heading text=&#8221;M\u00f6jligheter till samarbete&#8221; use_theme_fonts=&#8221;yes&#8221; css=&#8221;&#8221; el_class=&#8221;pfe-small2&#8243;][vc_column_text css=&#8221;&#8221;]Vi skapar m\u00f6jligheter f\u00f6r odlare att aktivt delta i PfE och uppt\u00e4cka nya v\u00e4gar fram\u00e5t. Vill du att din odling lyfts fram i b\u00e4sta s\u00e4ndningstid p\u00e5 tv, att du intervjuas i lokalradio, att dina v\u00e4xter visas upp p\u00e5 v\u00e4rldens fr\u00e4msta tr\u00e4dg\u00e5rdsm\u00e4ssor \u2013 eller att du bygger n\u00e4tverk med andra nyckelakt\u00f6rer i branschen?<br \/>\nH\u00f6r g\u00e4rna av dig \u2013 vi v\u00e4lkomnar alltid nya samarbeten med engagerade odlare.[\/vc_column_text][vc_column_text css=&#8221;&#8221;]<a href=\"\/sv\/kontakt\/\">Kontakta ditt lokala PfE-kontor &gt;&gt;<\/a>[\/vc_column_text][\/vc_column][vc_column width=&#8221;1\/2&#8243;][vc_single_image image=&#8221;3771&#8243; img_size=&#8221;full&#8221;][\/vc_column][\/vc_row][vc_row el_class=&#8221;pfe-flexibel-abstand&#8221;][vc_column][vc_empty_space height=&#8221;50px&#8221;][\/vc_column][\/vc_row][vc_row][vc_column width=&#8221;1\/2&#8243;][vc_single_image image=&#8221;3769&#8243; img_size=&#8221;full&#8221;][\/vc_column][vc_column width=&#8221;1\/2&#8243;][vc_custom_heading text=&#8221;Resurser f\u00f6r dina kunder&#8221; use_theme_fonts=&#8221;yes&#8221; css=&#8221;&#8221; el_class=&#8221;pfe-small2&#8243;][vc_column_text css=&#8221;&#8221;]Genom v\u00e5r kampanj kan du ge ett merv\u00e4rde till dina egna kunder och branschkontakter. Vi erbjuder en rad verktyg som dina \u00e5terf\u00f6rs\u00e4ljare kan ha nytta av \u2013 s\u00e5som marknadsf\u00f6ringsr\u00e5d, filmer, butiksmaterial och ett omfattande bildbibliotek.<br \/>\nDu \u00e4r varmt v\u00e4lkommen att dela v\u00e5rt material med dina kunder och kontakter \u2013 eller anv\u00e4nda det sj\u00e4lv i din verksamhet.[\/vc_column_text][vc_column_text css=&#8221;&#8221;]<a href=\"\/sv\/aterforsaljare\/\">Visa material f\u00f6r \u00e5terf\u00f6rs\u00e4ljare&gt;&gt;<\/a>[\/vc_column_text][\/vc_column][\/vc_row][vc_row el_class=&#8221;pfe-flexibel-abstand&#8221;][vc_column][vc_empty_space height=&#8221;50px&#8221;][\/vc_column][\/vc_row][vc_row][vc_column width=&#8221;1\/2&#8243;][vc_custom_heading text=&#8221;Kunskapsutbyte&#8221; use_theme_fonts=&#8221;yes&#8221; css=&#8221;&#8221; el_class=&#8221;pfe-small2&#8243;][vc_column_text css=&#8221;&#8221;]Vill du ta del av v\u00e4rdefulla insikter om din bransch? PfE genomf\u00f6r olika typer av unders\u00f6kningar \u2013 fr\u00e5n konsumentanalyser till enk\u00e4ter om odlingsmetoder och h\u00e5llbarhet. Vi planerar att vidareutveckla detta omr\u00e5de och fr\u00e4mja kunskapsutbyte mellan odlare.<br \/>\nH\u00f6r g\u00e4rna av dig om du vill bli en del av v\u00e5rt n\u00e4tverk \u2013 och prenumerera p\u00e5 v\u00e5rt nyhetsbrev f\u00f6r att h\u00e5lla dig uppdaterad.<\/p>\n<p><a href=\"\/sv\/kontakt\/\">Hitta en lokal kontaktperson &gt;&gt;<\/a><\/p>\n<p><a href=\"https:\/\/pelargoniumforeurope.us18.list-manage.com\/subscribe?u=134b7d583f28b28e232f5f377&amp;id=1e2185f037\">Prenumerera p\u00e5 v\u00e5rt nyhetsbrev!<\/a>[\/vc_column_text][\/vc_column][vc_column width=&#8221;1\/2&#8243;][vc_single_image image=&#8221;3773&#8243; img_size=&#8221;full&#8221;][\/vc_column][\/vc_row][vc_row el_class=&#8221;pfe-flexibel-abstand&#8221;][vc_column][vc_empty_space height=&#8221;50px&#8221;][\/vc_column][\/vc_row][vc_row][vc_column][vc_custom_heading text=&#8221;R\u00f6ster fr\u00e5n branschen&#8221; use_theme_fonts=&#8221;yes&#8221; css=&#8221;&#8221; el_class=&#8221;pfe-small&#8221;][vc_row_inner][vc_column_inner el_class=&#8221;ho&#8221; width=&#8221;1\/4&#8243;][vc_column_text css=&#8221;&#8221;]<strong>Anna Kaszewiak \u2013 branschexpert vid Bronisze, Polens st\u00f6rsta grossistmarknad<\/strong><br \/>\n\u201dKampanjen Pelargonium for Europe \u00e4r helt r\u00e4tt f\u00f6r oss. Tack vare det fina materialet fr\u00e5n PfE f\u00e5r vanliga konsumenter m\u00f6jlighet att l\u00e4ra sig grunderna i hur man odlar och tar hand om den h\u00e4r fantastiska, l\u00e5ngblommande v\u00e4xten. PfE:s f\u00e4rgstarka broschyrer, fulla av kunskap och inspiration, \u00e4r ett utm\u00e4rkt verktyg f\u00f6r nyb\u00f6rjare inom tr\u00e4dg\u00e5rd. V\u00e5ra kunder vet nu hur de ska sk\u00f6ta pelargoner \u2013 och hur de kan kombinera dem med andra v\u00e4xter.\u201d[\/vc_column_text][\/vc_column_inner][vc_column_inner width=&#8221;1\/4&#8243;][vc_column_text css=&#8221;&#8221;]<strong>Reiner H\u00f6pken \u2013 butiks\u00e4gare och ordf\u00f6rande f\u00f6r Bundesverband Einzelhandelsg\u00e4rtner (Tysklands branschf\u00f6rening f\u00f6r detaljhandelsodlare)<\/strong><br \/>\n\u201dMarknadsf\u00f6ringsmaterialet f\u00f6r pelargoner f\u00f6rmedlar livsgl\u00e4dje och ger samtidigt en tydlig bild av pelargonens f\u00e4rg- och formrikedom \u2013 n\u00e5got som annars \u00e4r sv\u00e5rt att visa. Jag tycker personligen att de stora affischerna, flaggorna och takh\u00e4ngarna g\u00f6r stor skillnad i butiksmilj\u00f6n.\u201d[\/vc_column_text][\/vc_column_inner][vc_column_inner width=&#8221;1\/4&#8243;][vc_column_text css=&#8221;&#8221;]<strong>Maria Lundgren \u2013 odlare p\u00e5 Arvidssons i Fj\u00e4r\u00e5s, Sverige<\/strong><br \/>\n\u201dPfE \u00e4r mycket framg\u00e5ngsrikt n\u00e4r det g\u00e4ller att \u00f6ka uppm\u00e4rksamheten kring pelargoner. Det m\u00e4rks b\u00e5de i intresse och f\u00f6rs\u00e4ljning \u2013 tack vare det fina bildmaterialet och de pressutskick som g\u00e5r ut. Det inspirerande materialet g\u00f6r att pelargoner lyfts i media, eftersom det annars \u00e4r sv\u00e5rt att ta egna bilder som visar upp till exempel vackra balkonger och terrasser. F\u00f6r oss odlare \u00e4r det ocks\u00e5 v\u00e4rdefullt att kunna anv\u00e4nda bilderna till inspirerande skyltar som v\u00e5ra kunder kan ha i sina butiker. Det \u00e4r ett stort st\u00f6d i v\u00e5r gemensamma marknadsf\u00f6ring.\u201d[\/vc_column_text][\/vc_column_inner][vc_column_inner width=&#8221;1\/4&#8243;][vc_column_text css=&#8221;&#8221;]<strong>Monika Burket \u2013 ordf\u00f6rande f\u00f6r blomgrossisthandeln i \u00d6sterrikiska handelskammaren<\/strong><br \/>\n\u201dF\u00f6r att lyfta pelargonens fantastiska m\u00e5ngfald anv\u00e4nder vi PfE:s dr\u00f6mlika bilder och tilltalande texter i butiksmaterial. Det hj\u00e4lper oss att n\u00e5 ut till b\u00e5de konsumenter och medier, och f\u00f6rmedla v\u00e4xtens sk\u00f6nhet. Att erbjuda butiksmaterial har blivit avg\u00f6rande f\u00f6r blomgrossister, eftersom vi st\u00f6ttar butikerna i deras pelargonmarknadsf\u00f6ring. Tack vare PfE-teamet och v\u00e5ra europeiska samarbetspartners lyckas vi lyfta fram denna fantastiska v\u00e4xt.\u201d[\/vc_column_text][\/vc_column_inner][\/vc_row_inner][\/vc_column][\/vc_row][vc_row el_class=&#8221;pfe-flexibel-abstand&#8221;][vc_column][vc_empty_space height=&#8221;50px&#8221;][\/vc_column][\/vc_row][vc_row el_class=&#8221;pfe-greenborderbox&#8221;][vc_column width=&#8221;2\/3&#8243;][vc_single_image image=&#8221;3772&#8243; img_size=&#8221;full&#8221;][\/vc_column][vc_column width=&#8221;1\/3&#8243;][vc_custom_heading text=&#8221;\u00c4r du producent?&#8221; use_theme_fonts=&#8221;yes&#8221; css=&#8221;&#8221; el_class=&#8221;pfe-small&#8221;][vc_column_text css=&#8221;&#8221;]Om du odlar pelargoner och vill vara en del av kampanjen \u2013 h\u00f6r g\u00e4rna av dig.<\/p>\n<p>Pelargonium for Europe Communications Manager,<br \/>\nHelena Ebrahimi<br \/>\nEmail: <a href=\"mailto:Helena@greenmarketingeurope.eu\">Helena@greenmarketingeurope.eu<\/a>[\/vc_column_text][vc_column_text css=&#8221;&#8221;]<a href=\"\/sv\/kontakt\/\">Hitta en lokal kontaktperson &gt;&gt;<\/a>[\/vc_column_text][\/vc_column][\/vc_row]<\/p><\/div><div class=\"acf-fields-container\" data-post-id=\"655\" data-canto-acf=\"true\"><\/div><style>\r\n        .acf-fields-container {\r\n            margin: 2em 0;\r\n            width: 100%;\r\n            clear: both;\r\n        }\r\n        .acf-field-image {\r\n            margin: 1.5em 0;\r\n            position: relative;\r\n        }\r\n        .acf-field-label {\r\n            margin-bottom: 1em;\r\n        }\r\n        .acf-image {\r\n            max-width: 100%;\r\n            height: auto;\r\n            display: block;\r\n            margin: 1em 0;\r\n        }\r\n    <\/style>","protected":false},"excerpt":{"rendered":"<p>[vc_row][vc_column][vc_custom_heading text=&#8221;Med v\u00e5rt st\u00f6d kan du s\u00e4lja fler pelargoner&#8221; font_container=&#8221;tag:h2|text_align:center&#8221; use_theme_fonts=&#8221;yes&#8221; css=&#8221;&#8221; el_class=&#8221;pfe-small2&#8243; el_id=&#8221;saelja&#8221;][vc_column_text css=&#8221;&#8221;] Varje \u00e5r n\u00e5r vi ut till miljontals konsumenter genom v\u00e5ra omfattande PR- och marknadsf\u00f6ringskampanjer d\u00e4r vi lyfter din produkt direkt mot slutkund. H\u00e4r kan du l\u00e4sa mer om vad vi g\u00f6r f\u00f6r att st\u00f6tta din verksamhet och hur du kan [&hellip;]<\/p>\n","protected":false},"author":1,"featured_media":3774,"parent":0,"menu_order":0,"comment_status":"closed","ping_status":"closed","template":"template-parts\/pfe-trade.php","meta":{"_acf_changed":false,"inline_featured_image":false,"footnotes":""},"class_list":["post-655","page","type-page","status-publish","has-post-thumbnail","hentry"],"acf":[],"_links":{"self":[{"href":"https:\/\/pfe-trade.com\/sv\/wp-json\/wp\/v2\/pages\/655","targetHints":{"allow":["GET"]}}],"collection":[{"href":"https:\/\/pfe-trade.com\/sv\/wp-json\/wp\/v2\/pages"}],"about":[{"href":"https:\/\/pfe-trade.com\/sv\/wp-json\/wp\/v2\/types\/page"}],"author":[{"embeddable":true,"href":"https:\/\/pfe-trade.com\/sv\/wp-json\/wp\/v2\/users\/1"}],"replies":[{"embeddable":true,"href":"https:\/\/pfe-trade.com\/sv\/wp-json\/wp\/v2\/comments?post=655"}],"version-history":[{"count":138,"href":"https:\/\/pfe-trade.com\/sv\/wp-json\/wp\/v2\/pages\/655\/revisions"}],"predecessor-version":[{"id":4555,"href":"https:\/\/pfe-trade.com\/sv\/wp-json\/wp\/v2\/pages\/655\/revisions\/4555"}],"wp:featuredmedia":[{"embeddable":true,"href":"https:\/\/pfe-trade.com\/sv\/wp-json\/wp\/v2\/media\/3774"}],"wp:attachment":[{"href":"https:\/\/pfe-trade.com\/sv\/wp-json\/wp\/v2\/media?parent=655"}],"curies":[{"name":"wp","href":"https:\/\/api.w.org\/{rel}","templated":true}]}}