{"id":655,"date":"2021-12-27T18:24:59","date_gmt":"2021-12-27T17:24:59","guid":{"rendered":"https:\/\/meine-geranien.de\/sk\/?page_id=655"},"modified":"2025-12-22T08:53:06","modified_gmt":"2025-12-22T07:53:06","slug":"pestovatelia","status":"publish","type":"page","link":"https:\/\/pfe-trade.com\/sk\/pestovatelia\/","title":{"rendered":"Pestovatelia"},"content":{"rendered":"<div class=\"wpb-content-wrapper\"><p>[vc_row][vc_column][vc_custom_heading text=&#8220;S na\u0161ou podporou m\u00f4\u017eete preda\u0165 viac mu\u0161k\u00e1tov&#8220; font_container=&#8220;tag:h2|text_align:center&#8220; use_theme_fonts=&#8220;yes&#8220; el_class=&#8220;pfe-small2&#8243; el_id=&#8220;produkujete&#8220;][vc_column_text]<\/p>\n<p style=\"text-align: center;\">Ka\u017edoro\u010dne oslovujeme mili\u00f3ny spotrebite\u013eov prostredn\u00edctvom na\u0161ich rozsiahlych PR a marketingov\u00fdch kampan\u00ed, ktor\u00e9 propaguj\u00fa v\u00e1\u0161 produkt priamo koncov\u00fdm spotrebite\u013eom. Tu sa dozviete viac o na\u0161ich aktivit\u00e1ch a o tom, ako m\u00f4\u017eete vy osobne profitova\u0165 z na\u0161ej pr\u00e1ce. Sta\u0148te sa odborn\u00edkom poskytuj\u00facim rozhovory pre m\u00e9di\u00e1 alebo vyu\u017eite na\u0161e fotografie, texty a vide\u00e1.<\/p>\n<p>[\/vc_column_text][\/vc_column][\/vc_row][vc_row el_class=&#8220;pfe-flexibel-abstand&#8220;][vc_column][vc_empty_space height=&#8220;50px&#8220;][\/vc_column][\/vc_row][vc_row][vc_column width=&#8220;1\/2&#8243;][vc_single_image image=&#8220;3768&#8243; img_size=&#8220;full&#8220;][\/vc_column][vc_column width=&#8220;1\/2&#8243;][vc_custom_heading text=&#8220;In\u0161pirujeme spotrebite\u013eov&#8220; use_theme_fonts=&#8220;yes&#8220; el_class=&#8220;pfe-small2&#8243;][vc_column_text]<\/p>\n<p style=\"text-align: left;\">Na\u0161a rozsiahla spotrebite\u013esk\u00e1 kampa\u0148 sa zameriava na propag\u00e1ciu v\u00fdhod mu\u0161k\u00e1tov, ktor\u00e9 s\u00fa jednoduch\u00e9 na starostlivos\u0165. Cie\u013eom kampane je aj zvy\u0161ovanie povedomia a motivovanie spotrebite\u013eov ku k\u00fape tejto rastliny. Mu\u0161k\u00e1ty prin\u00e1\u0161ame do telev\u00edzie a r\u00e1dia, nadv\u00e4zujeme partnerstv\u00e1 s v\u00fdznamn\u00fdmi influencermi, mu\u0161k\u00e1ty sa objavuj\u00fa v r\u00f4znych novin\u00e1ch a \u010dasopisoch a s\u00fa d\u00f4le\u017eit\u00fdm propaga\u010dn\u00fdm materi\u00e1lom na festivaloch a podujatiach. Inform\u00e1cie o aktivit\u00e1ch v jednotliv\u00fdch krajin\u00e1ch n\u00e1jdete v aktu\u00e1lnej v\u00fdro\u010dnej spr\u00e1ve alebo sa m\u00f4\u017eete prihl\u00e1si\u0165 na odber n\u00e1\u0161ho newslettra.<\/p>\n<p>[\/vc_column_text][vc_column_text]<a href=\"https:\/\/us18.campaign-archive.com\/home\/?u=134b7d583f28b28e232f5f377&amp;id=1e2185f037\">Predch\u00e1dzaj\u00face v\u00fdro\u010dn\u00e9 spr\u00e1vy &gt;&gt;<\/a><\/p>\n<p><a href=\"https:\/\/pelargoniumforeurope.us18.list-manage.com\/subscribe?u=134b7d583f28b28e232f5f377&amp;id=1e2185f037\">Prihl\u00e1ste sa na odber newslettra &gt;&gt;<\/a>[\/vc_column_text][\/vc_column][\/vc_row][vc_row el_class=&#8220;pfe-flexibel-abstand&#8220;][vc_column][vc_empty_space height=&#8220;50px&#8220;][\/vc_column][\/vc_row][vc_row][vc_column width=&#8220;1\/2&#8243;][vc_custom_heading text=&#8220;Mo\u017enosti spolupr\u00e1ce&#8220; use_theme_fonts=&#8220;yes&#8220; el_class=&#8220;pfe-small2&#8243;][vc_column_text]Vyh\u013ead\u00e1vame pr\u00edle\u017eitosti pre akt\u00edvne zap\u00e1janie pestovate\u013eov v r\u00e1mci iniciat\u00edvy Pelargonium for Europe (PfE). Chceli by ste, aby sa va\u0161a mu\u0161k\u00e1tov\u00e1 \u0161k\u00f4lka objavila v telev\u00edzii, aby s vami robili rozhovory v region\u00e1lnom r\u00e1diu, aby boli va\u0161e rastliny vystavovan\u00e9 na popredn\u00fdch svetov\u00fdch z\u00e1hradn\u00edckych v\u00fdstav\u00e1ch a aby ste nadviazali kontakty s \u010fal\u0161\u00edmi k\u013e\u00fa\u010dov\u00fdmi hr\u00e1\u010dmi v odvetv\u00ed? Ozvite sa n\u00e1m, radi v\u00e1m pom\u00f4\u017eeme.[\/vc_column_text][vc_column_text]<a href=\"\/sk\/kontakt\/\">Kontaktova\u0165 iniciat\u00edvu Pelargonium for Europe v mojej krajine &gt;&gt;<\/a>[\/vc_column_text][\/vc_column][vc_column width=&#8220;1\/2&#8243;][vc_single_image image=&#8220;3771&#8243; img_size=&#8220;full&#8220;][\/vc_column][\/vc_row][vc_row el_class=&#8220;pfe-flexibel-abstand&#8220;][vc_column][vc_empty_space height=&#8220;50px&#8220;][\/vc_column][\/vc_row][vc_row][vc_column width=&#8220;1\/2&#8243;][vc_single_image image=&#8220;3769&#8243; img_size=&#8220;full&#8220;][\/vc_column][vc_column width=&#8220;1\/2&#8243;][vc_custom_heading text=&#8220;Materi\u00e1ly pre va\u0161ich z\u00e1kazn\u00edkov&#8220; use_theme_fonts=&#8220;yes&#8220; el_class=&#8220;pfe-small2&#8243;][vc_column_text]Prostredn\u00edctvom na\u0161ej kampane m\u00f4\u017eete svojim vlastn\u00fdm z\u00e1kazn\u00edkom a partnerom z odvetvia poskytn\u00fa\u0165 \u010fal\u0161iu podporu. Va\u0161im z\u00e1kazn\u00edkom pon\u00fakame mno\u017estvo n\u00e1strojov, ktor\u00e9 m\u00f4\u017eu vyu\u017ei\u0165, vr\u00e1tane marketingov\u00e9ho poradenstva, vide\u00ed, propaga\u010dn\u00fdch materi\u00e1lov a rozsiahlej fotogal\u00e9rie. Na\u0161e materi\u00e1ly m\u00f4\u017eete zdie\u013ea\u0165 so svojimi klientmi a partnermi a sami ich vyu\u017e\u00edva\u0165.[\/vc_column_text][vc_column_text]<a href=\"\/sk\/predajcovia\/\">Pozrite si materi\u00e1ly pre predajcov &gt;&gt;<\/a>[\/vc_column_text][\/vc_column][\/vc_row][vc_row el_class=&#8220;pfe-flexibel-abstand&#8220;][vc_column][vc_empty_space height=&#8220;50px&#8220;][\/vc_column][\/vc_row][vc_row][vc_column width=&#8220;1\/2&#8243;][vc_custom_heading text=&#8220;Zdie\u013eanie poznatkov&#8220; use_theme_fonts=&#8220;yes&#8220; el_class=&#8220;pfe-small2&#8243;][vc_column_text]M\u00e1te z\u00e1ujem dozvedie\u0165 sa aktu\u00e1lne inform\u00e1cie z odvetvia? Marketingov\u00e1 iniciat\u00edva Pelargonium for Europe (PfE) realizuje r\u00f4zne formy v\u00fdskumov, od anal\u00fdzy spotrebite\u013esk\u00e9ho trhu a\u017e po \u0161t\u00fadie v oblasti produk\u010dn\u00fdch met\u00f3d a udr\u017eate\u013enosti. V bud\u00facnosti pl\u00e1nujeme roz\u0161\u00edri\u0165 t\u00fato oblas\u0165 a podpori\u0165 zdie\u013eanie poznatkov medzi pestovate\u013emi. Kontaktujte n\u00e1s, ak sa chcete sta\u0165 s\u00fa\u010das\u0165ou na\u0161ej siete. Prihl\u00e1ste sa na odber n\u00e1\u0161ho newslettra pre aktu\u00e1lne inform\u00e1cie.<\/p>\n<p><a href=\"\/sk\/kontakt\/\">N\u00e1js\u0165 kontaktn\u00fa osobu v mojej krajine. &gt;&gt;<\/a><\/p>\n<p><a href=\"https:\/\/pelargoniumforeurope.us18.list-manage.com\/subscribe?u=134b7d583f28b28e232f5f377&amp;id=1e2185f037\">Prihl\u00e1ste sa na odber newslettra!<\/a>[\/vc_column_text][\/vc_column][vc_column width=&#8220;1\/2&#8243;][vc_single_image image=&#8220;3773&#8243; img_size=&#8220;full&#8220;][\/vc_column][\/vc_row][vc_row el_class=&#8220;pfe-flexibel-abstand&#8220;][vc_column][vc_empty_space height=&#8220;50px&#8220;][\/vc_column][\/vc_row][vc_row][vc_column][vc_custom_heading text=&#8220;Referencie z odvetvia&#8220; use_theme_fonts=&#8220;yes&#8220; el_class=&#8220;pfe-small&#8220;][vc_row_inner][vc_column_inner el_class=&#8220;ho&#8220; width=&#8220;1\/4&#8243;][vc_column_text]<strong>Anna Kaszewiak, odborn\u00ed\u010dka v Bronisze, najv\u00e4\u010d\u0161om ve\u013ekoobchodnom trhu v Po\u013esku<\/strong><br \/>\n\u201eKampa\u0148 iniciat\u00edvy Pelargonium for Europe je pre n\u00e1s \u201etrefou do \u010dierneho\u201c. V\u010faka u\u017eito\u010dn\u00fdm inform\u00e1ci\u00e1m, ktor\u00e9 boli v r\u00e1mci kampane spr\u00edstupnen\u00e9, m\u00e1 be\u017en\u00fd spotrebite\u013e mo\u017enos\u0165 nau\u010di\u0165 sa z\u00e1kladn\u00e9 pravidl\u00e1 pestovania a starostlivosti o t\u00fato \u00fa\u017easn\u00fa a ve\u013emi dlho kvitn\u00facu rastlinu. Ich farebn\u00e9 let\u00e1ky pln\u00e9 poznatkov a in\u0161pir\u00e1ci\u00ed s\u00fa skvelou pom\u00f4ckou pre za\u010d\u00ednaj\u00facich z\u00e1hradk\u00e1rov. V\u010faka nim na\u0161i z\u00e1kazn\u00edci vedia, ako sa o ne stara\u0165 a ako ich kombinova\u0165 s in\u00fdmi rastlinami.\u201c[\/vc_column_text][\/vc_column_inner][vc_column_inner width=&#8220;1\/4&#8243;][vc_column_text]<strong>Reiner H\u00f6pken, majite\u013e obchodu a predseda Spolkov\u00e9ho zv\u00e4zu z\u00e1hradk\u00e1rov v Nemecku (Bundesverband Einzelhandelsgaertner<\/strong><br \/>\n\u201eReklamn\u00e9 materi\u00e1ly s tematikou mu\u0161k\u00e1tov vystihuj\u00fa rados\u0165 zo \u017eivota a zobrazuj\u00fa rozmanitos\u0165 farieb a tvarov t\u00fdchto kvet\u00edn, \u010do by bolo bez tak\u00e9hoto obrazov\u00e9ho materi\u00e1lu \u0165a\u017ek\u00e9 vyjadri\u0165. Osobne pova\u017eujem ve\u013ek\u00e9 plag\u00e1ty, vlajky a stropn\u00e9 bannery v maloobchodnom prostred\u00ed za pr\u00ednosn\u00e9.\u201c[\/vc_column_text][\/vc_column_inner][vc_column_inner width=&#8220;1\/4&#8243;][vc_column_text]<strong>Monika Burket \u2013 predsedn\u00ed\u010dka Rak\u00faskeho ve\u013ekoobchodu s kvetmi v Rak\u00faskej spolkovej hospod\u00e1rskej komore<\/strong><br \/>\n\u201eNa propag\u00e1ciu rozmanitosti mu\u0161k\u00e1tov pou\u017e\u00edvame v propaga\u010dn\u00fdch materi\u00e1loch p\u00fatav\u00e9 fotografie a texty. Pom\u00e1ha n\u00e1m to nadviaza\u0165 kontakt so spotrebite\u013emi a predstavi\u0165 im kr\u00e1su tejto rastliny. Poskytovanie materi\u00e1lov pre predajn\u00e9 miesta sa stalo pre ve\u013ekoobchodn\u00edkov s kvetmi nevyhnutnos\u0165ou, preto\u017ee pom\u00e1hame maloobchodn\u00edkom propagova\u0165 mu\u0161k\u00e1ty. V\u010faka t\u00edmu Pelargonium for Europe a na\u0161im eur\u00f3pskym partnerom m\u00e1me za sebou \u00faspe\u0161n\u00fa cestu propag\u00e1cie tejto n\u00e1dhernej rastliny.&#8220;[\/vc_column_text][\/vc_column_inner][vc_column_inner width=&#8220;1\/4&#8243;][vc_column_text]<strong>Maria Lundgren \u2013 pestovate\u013eka v spolo\u010dnosti Arvidssons I Fj\u00e4r\u00e5s vo \u0160v\u00e9dsku<\/strong><br \/>\n\u201ePelargonium for Europe je \u00faspe\u0161nou iniciat\u00edvou v oblasti marketingu mu\u0161k\u00e1tov. P\u00fatav\u00e9 obrazov\u00e9 materi\u00e1ly a zasielanie tla\u010dov\u00fdch spr\u00e1v v\u00fdrazne zvy\u0161uj\u00fa pozornos\u0165 a predaj. V\u010faka in\u0161pirat\u00edvnym materi\u00e1lom sa dost\u00e1va do nov\u00edn \u2013 preto\u017ee kvalitn\u00e9 fotografie je \u0165a\u017ek\u00e9 zabezpe\u010di\u0165 vo vlastnej r\u00e9\u017eii, ako napr\u00edklad fotografie ter\u00e1s a balk\u00f3nov. Pre n\u00e1s pestovate\u013eov je n\u00e1pomocn\u00e9 aj to, \u017ee m\u00f4\u017eeme obr\u00e1zky pou\u017ei\u0165 v r\u00e1mci informa\u010dn\u00fdch tab\u00fa\u013e, ktor\u00e9 m\u00f4\u017eu na\u0161i z\u00e1kazn\u00edci pou\u017ei\u0165 vo svojich obchodoch. Je to ve\u013ek\u00e1 pomoc pri spolo\u010dnom marketingu.\u201c[\/vc_column_text][\/vc_column_inner][\/vc_row_inner][\/vc_column][\/vc_row][vc_row el_class=&#8220;pfe-flexibel-abstand&#8220;][vc_column][vc_empty_space height=&#8220;50px&#8220;][\/vc_column][\/vc_row][vc_row el_class=&#8220;pfe-greenborderbox&#8220;][vc_column width=&#8220;2\/3&#8243;][vc_single_image image=&#8220;3772&#8243; img_size=&#8220;full&#8220;][\/vc_column][vc_column width=&#8220;1\/3&#8243;][vc_custom_heading text=&#8220;Ste pestovate\u013eom?&#8220; use_theme_fonts=&#8220;yes&#8220; el_class=&#8220;pfe-small&#8220;][vc_column_text css=&#8220;&#8220;]Ak pestujete mu\u0161k\u00e1ty a chcete sa zapoji\u0165 do na\u0161ej kampane, kontaktujte n\u00e1s.<\/p>\n<p>Pelargonium for Europe Komunika\u010dn\u00e1 mana\u017e\u00e9rka,<br \/>\nHelena Ebrahimi<br \/>\nEmail: <a href=\"mailto:Helena@greenmarketingeurope.eu\">Helena@greenmarketingeurope.eu<\/a>[\/vc_column_text][vc_column_text]<a href=\"\/sk\/Kontakt\/\">N\u00e1js\u0165 kontaktn\u00fa osobu v mojej krajine &gt;&gt;<\/a>[\/vc_column_text][\/vc_column][\/vc_row]<\/p><\/div><div class=\"acf-fields-container\" data-post-id=\"655\" data-canto-acf=\"true\"><\/div><style>\r\n        .acf-fields-container {\r\n            margin: 2em 0;\r\n            width: 100%;\r\n            clear: both;\r\n        }\r\n        .acf-field-image {\r\n            margin: 1.5em 0;\r\n            position: relative;\r\n        }\r\n        .acf-field-label {\r\n            margin-bottom: 1em;\r\n        }\r\n        .acf-image {\r\n            max-width: 100%;\r\n            height: auto;\r\n            display: block;\r\n            margin: 1em 0;\r\n        }\r\n    <\/style>","protected":false},"excerpt":{"rendered":"<p>[vc_row][vc_column][vc_custom_heading text=&#8220;S na\u0161ou podporou m\u00f4\u017eete preda\u0165 viac mu\u0161k\u00e1tov&#8220; font_container=&#8220;tag:h2|text_align:center&#8220; use_theme_fonts=&#8220;yes&#8220; el_class=&#8220;pfe-small2&#8243; el_id=&#8220;produkujete&#8220;][vc_column_text] Ka\u017edoro\u010dne oslovujeme mili\u00f3ny spotrebite\u013eov prostredn\u00edctvom na\u0161ich rozsiahlych PR a marketingov\u00fdch kampan\u00ed, ktor\u00e9 propaguj\u00fa v\u00e1\u0161 produkt priamo koncov\u00fdm spotrebite\u013eom. Tu sa dozviete viac o na\u0161ich aktivit\u00e1ch a o tom, ako m\u00f4\u017eete vy osobne profitova\u0165 z na\u0161ej pr\u00e1ce. Sta\u0148te sa odborn\u00edkom poskytuj\u00facim rozhovory pre m\u00e9di\u00e1 [&hellip;]<\/p>\n","protected":false},"author":1,"featured_media":3774,"parent":0,"menu_order":0,"comment_status":"closed","ping_status":"closed","template":"template-parts\/pfe-trade.php","meta":{"_acf_changed":false,"inline_featured_image":false,"footnotes":""},"class_list":["post-655","page","type-page","status-publish","has-post-thumbnail","hentry"],"acf":[],"_links":{"self":[{"href":"https:\/\/pfe-trade.com\/sk\/wp-json\/wp\/v2\/pages\/655","targetHints":{"allow":["GET"]}}],"collection":[{"href":"https:\/\/pfe-trade.com\/sk\/wp-json\/wp\/v2\/pages"}],"about":[{"href":"https:\/\/pfe-trade.com\/sk\/wp-json\/wp\/v2\/types\/page"}],"author":[{"embeddable":true,"href":"https:\/\/pfe-trade.com\/sk\/wp-json\/wp\/v2\/users\/1"}],"replies":[{"embeddable":true,"href":"https:\/\/pfe-trade.com\/sk\/wp-json\/wp\/v2\/comments?post=655"}],"version-history":[{"count":140,"href":"https:\/\/pfe-trade.com\/sk\/wp-json\/wp\/v2\/pages\/655\/revisions"}],"predecessor-version":[{"id":4576,"href":"https:\/\/pfe-trade.com\/sk\/wp-json\/wp\/v2\/pages\/655\/revisions\/4576"}],"wp:featuredmedia":[{"embeddable":true,"href":"https:\/\/pfe-trade.com\/sk\/wp-json\/wp\/v2\/media\/3774"}],"wp:attachment":[{"href":"https:\/\/pfe-trade.com\/sk\/wp-json\/wp\/v2\/media?parent=655"}],"curies":[{"name":"wp","href":"https:\/\/api.w.org\/{rel}","templated":true}]}}