{"id":653,"date":"2021-12-27T18:24:39","date_gmt":"2021-12-27T17:24:39","guid":{"rendered":"https:\/\/meine-geranien.de\/hu\/?page_id=653"},"modified":"2025-02-27T09:18:27","modified_gmt":"2025-02-27T08:18:27","slug":"kiskereskedok","status":"publish","type":"page","link":"https:\/\/pfe-trade.com\/hu\/kiskereskedok\/","title":{"rendered":"Kiskeresked\u0151k"},"content":{"rendered":"<div class=\"wpb-content-wrapper\"><p>[vc_row][vc_column][vc_custom_heading text=&#8221;Musk\u00e1tli elad\u00e1ssal foglalkozik? \u00cdgy n\u00f6velje elad\u00e1sait.&#8221; font_container=&#8221;tag:h2|text_align:center&#8221; use_theme_fonts=&#8221;yes&#8221; el_class=&#8221;pfe-small2&#8243; el_id=&#8221;eladni&#8221;][vc_column_text]<\/p>\n<p style=\"text-align: center;\">Szak\u00e9rt\u0151i \u00e9rt\u00e9kes\u00edt\u00e9si \u00e9s marketing tan\u00e1csad\u00e1st k\u00edn\u00e1lunk, valamint olyan \u00e9rt\u00e9kes\u00edt\u00e9si anyagokat, mint ingyenes fot\u00f3k, \u00edrott tartalmak \u00e9s vide\u00f3k. Haszn\u00e1lja fel tartalmainkat saj\u00e1t marketingtev\u00e9kenys\u00e9g\u00e9hez, ezzel is er\u0151s\u00edtve a v\u00e1s\u00e1rl\u00f3k elk\u00f6telez\u0151d\u00e9s\u00e9t \u00e9s az \u00d6n kert\u00e9szeti szak\u00e9rtelm\u00e9t.<\/p>\n<p>[\/vc_column_text][\/vc_column][\/vc_row][vc_row el_class=&#8221;pfe-flexibel-abstand&#8221;][vc_column][vc_empty_space height=&#8221;50px&#8221;][\/vc_column][\/vc_row][vc_row][vc_column width=&#8221;1\/2&#8243;][vc_custom_heading text=&#8221;V\u00e1s\u00e1rl\u00f3i \u00e9lm\u00e9ny n\u00f6vel\u00e9se&#8221; use_theme_fonts=&#8221;yes&#8221; el_class=&#8221;pfe-small&#8221;][vc_column_text]Ragadja meg a v\u00e1s\u00e1rl\u00f3k figyelm\u00e9t k\u00f6zvetlen\u00fcl az elad\u00e1s hely\u00e9n, az \u00fczletben vagy online. Anyagok sz\u00e9les v\u00e1laszt\u00e9k\u00e1t k\u00edn\u00e1ljuk a plak\u00e1tokt\u00f3l, bannerekt\u0151l \u00e9s gondoz\u00e1si k\u00e1rty\u00e1kt\u00f3l kezdve az olyan digit\u00e1lis er\u0151forr\u00e1sokig, mint a k\u00f6z\u00f6ss\u00e9gi m\u00e9di\u00e1ban megjelen\u00edthet\u0151 posztok \u00e9s weboldal fejl\u00e9cek. Megrendelhet\u0151, kinyomtathat\u00f3, megoszthat\u00f3 \u00e9s kihelyezhet\u0151 az \u00fczletekben.[\/vc_column_text][vc_column_text]<a href=\"\/hu\/pos-anyagok\/\">POS anyagok felfedez\u00e9se &gt;&gt;<\/a>[\/vc_column_text][\/vc_column][vc_column width=&#8221;1\/2&#8243;][vc_single_image image=&#8221;4335&#8243; img_size=&#8221;full&#8221;][\/vc_column][\/vc_row][vc_row el_class=&#8221;pfe-flexibel-abstand&#8221;][vc_column][vc_empty_space height=&#8221;50px&#8221;][\/vc_column][\/vc_row][vc_row][vc_column width=&#8221;1\/2&#8243;][vc_single_image image=&#8221;3790&#8243; img_size=&#8221;full&#8221;][\/vc_column][vc_column width=&#8221;1\/2&#8243;][vc_custom_heading text=&#8221;Musk\u00e1tli vide\u00f3k \u00fcgyfelei sz\u00e1m\u00e1ra&#8221; use_theme_fonts=&#8221;yes&#8221; el_class=&#8221;pfe-small2&#8243;][vc_column_text]YouTube-csatorn\u00e1nkon sz\u00e1mos musk\u00e1tlir\u00f3l sz\u00f3l\u00f3 vide\u00f3t tal\u00e1l, amelyekben gondoz\u00e1si tan\u00e1csokat, diz\u00e1jn \u00f6tleteket \u00e9s bark\u00e1csprojekteket mutatunk be. Ezeket felhaszn\u00e1lhatja a v\u00e1s\u00e1rl\u00f3k figyelm\u00e9nek felkelt\u00e9s\u00e9re \u00e9s online jelenl\u00e9t\u00e9t is fokozhatja, ha megosztja \u0151ket saj\u00e1t k\u00f6z\u00f6ss\u00e9gi csatorn\u00e1in, s\u0151t, ak\u00e1r be\u00e1gyazhatja \u0151ket weboldal\u00e1ba, vagy megjelen\u00edtheti \u0151ket az \u00fczletben.[\/vc_column_text][vc_column_text]<a href=\"https:\/\/www.youtube.com\/channel\/UCejEV0-sDobAJg0L498sL0g\">Vide\u00f3k felfedez\u00e9se &gt;&gt;<\/a>[\/vc_column_text][\/vc_column][\/vc_row][vc_row el_class=&#8221;pfe-flexibel-abstand&#8221;][vc_column][vc_empty_space height=&#8221;50px&#8221;][\/vc_column][\/vc_row][vc_row][vc_column width=&#8221;1\/2&#8243;][vc_custom_heading text=&#8221;Legfrissebb kereskedelmi sajt\u00f3k\u00f6zlem\u00e9nyek&#8221; use_theme_fonts=&#8221;yes&#8221; el_class=&#8221;pfe-small2&#8243;][vc_column_text]Rendszeresen k\u00fcld\u00fcnk sajt\u00f3k\u00f6zlem\u00e9nyeket a relev\u00e1ns m\u00e9diumoknak, amelyekben kamp\u00e1nyh\u00edreket \u00e9s aj\u00e1nlatokat, valamint marketinggel, \u00e9rt\u00e9kes\u00edt\u00e9ssel \u00e9s musk\u00e1tli gondoz\u00e1ssal kapcsolatos \u00e1gazati tan\u00e1csokat osztunk meg. Szakmai sajt\u00f3k\u00f6zlem\u00e9nyeinket itt tal\u00e1lja.[\/vc_column_text][vc_column_text]<a href=\"https:\/\/pelargonium-for-europe.com\/hu\/sajtokapcsolat\/\">Kapcsolatfelv\u00e9tel &gt;&gt;<\/a><\/p>\n<p><a href=\"https:\/\/pelargonium-for-europe.com\/hu\/sajtokozlemenyek\/\">Legfrissebb sajt\u00f3k\u00f6zlem\u00e9nyek &gt;&gt;<\/a>[\/vc_column_text][\/vc_column][vc_column width=&#8221;1\/2&#8243;][vc_single_image image=&#8221;4334&#8243; img_size=&#8221;full&#8221;][\/vc_column][\/vc_row][vc_row el_class=&#8221;pfe-flexibel-abstand&#8221;][vc_column][vc_empty_space height=&#8221;50px&#8221;][\/vc_column][\/vc_row][vc_row][vc_column width=&#8221;1\/2&#8243;][vc_single_image image=&#8221;3788&#8243; img_size=&#8221;full&#8221;][\/vc_column][vc_column width=&#8221;1\/2&#8243;][vc_custom_heading text=&#8221;Marketing c\u00e9l\u00fa ingyenes k\u00e9pek&#8221; use_theme_fonts=&#8221;yes&#8221; el_class=&#8221;pfe-small2&#8243;][vc_column_text]Minden \u00e9vben magas felbont\u00e1s\u00fa, min\u0151s\u00e9gi k\u00e9peket k\u00e9sz\u00edt\u00fcnk, amelyeken a n\u00f6v\u00e9nyeket kerti \u00e9s balkon trendekkel, bark\u00e1csprojektekkel, aj\u00e1nd\u00e9k\u00f6tletekkel, asztali dekor\u00e1ci\u00f3kkal, \u00e9s m\u00e9g sok m\u00e1s \u00e9rdekess\u00e9ggel mutatjuk be. K\u00e9peinket ingyenesen felhaszn\u00e1lhatja saj\u00e1t \u00e9rt\u00e9kes\u00edt\u00e9s\u00e9benk. Ossza meg ezeket saj\u00e1t k\u00f6z\u00f6ss\u00e9gi csatorn\u00e1in \u00e9s weboldalain, haszn\u00e1lja fel \u0151ket saj\u00e1t PR- \u00e9s m\u00e9diakommunik\u00e1ci\u00f3j\u00e1hoz, vagy k\u00e9sz\u00edtsen saj\u00e1t elad\u00e1shelyi anyagokat, p\u00e9ld\u00e1ul plak\u00e1tokat vagy sz\u00f3r\u00f3lapokat. Fedezze fel k\u00e9pk\u00edn\u00e1latunkat, amely t\u00f6bb sz\u00e1z fot\u00f3t tartalmaz.[\/vc_column_text][vc_column_text css=&#8221;&#8221;]<a href=\"https:\/\/pelargonium-poinsettia.canto.global\/v\/pfehu\/allfiles?viewIndex=0\" target=\"_blank\" rel=\"noopener\">Fedezze fel a k\u00e9pgy\u0171jtem\u00e9nyt &gt;&gt;<\/a>[\/vc_column_text][\/vc_column][\/vc_row][vc_row el_class=&#8221;pfe-flexibel-abstand&#8221;][vc_column][vc_empty_space height=&#8221;50px&#8221;][\/vc_column][\/vc_row][vc_row][vc_column width=&#8221;1\/2&#8243;][vc_custom_heading text=&#8221;Fogyaszt\u00f3i marketinginspir\u00e1ci\u00f3&#8221; use_theme_fonts=&#8221;yes&#8221; el_class=&#8221;pfe-small2&#8243;][vc_column_text]Ha gyakran keres \u00faj \u00f6tleteket v\u00e1llalkoz\u00e1sa marketingj\u00e9hez &#8211; legyen sz\u00f3 k\u00f6z\u00f6ss\u00e9gi m\u00e9diatartalmakr\u00f3l, blogokr\u00f3l, saj\u00e1t PR-tev\u00e9kenys\u00e9gr\u0151l \u00e9s egyebekr\u0151l -, mi seg\u00edt\u00fcnk. Nagyszab\u00e1s\u00fa, PR-szak\u00e9rt\u0151k \u00e1ltal vezetett fogyaszt\u00f3i prom\u00f3ci\u00f3s kamp\u00e1nyt folytatunk a r\u00e9gi\u00f3ban? Tekintse meg blogjainkat \u00e9s fogyaszt\u00f3i sajt\u00f3k\u00f6zlem\u00e9nyeinket, b\u00f6ng\u00e9sszen k\u00e9pt\u00e1runkban, \u00e9s l\u00e1togasson el Instagram-, Pinterest- \u00e9s Facebook-oldalunkra. Tartalmainkat nyugodtan m\u00e1solhatja, adapt\u00e1lhatja \u00e9s haszn\u00e1lhatja![\/vc_column_text][vc_column_text]<a href=\"https:\/\/pelargonium-for-europe.com\/hu\/\">L\u00e1togasson el a fogyaszt\u00f3i oldalra &gt;&gt;<\/a><\/p>\n<p>L\u00e1togasson el hozz\u00e1nk a <a href=\"https:\/\/www.facebook.com\/myGeraniumbyPfE\/\">Facebookon<\/a>, a <a href=\"https:\/\/www.pinterest.de\/MyGeranium17\/\">Pinteresten<\/a> \u00e9s az <a href=\"https:\/\/www.instagram.com\/mygeranium\/\">Instagramon<\/a> &gt;&gt;[\/vc_column_text][\/vc_column][vc_column width=&#8221;1\/2&#8243;][vc_single_image image=&#8221;4333&#8243; img_size=&#8221;full&#8221;][\/vc_column][\/vc_row][vc_row el_class=&#8221;pfe-flexibel-abstand&#8221;][vc_column][vc_empty_space height=&#8221;50px&#8221;][\/vc_column][\/vc_row][vc_row][vc_column width=&#8221;1\/2&#8243;][vc_single_image image=&#8221;3784&#8243; img_size=&#8221;full&#8221;][\/vc_column][vc_column width=&#8221;1\/2&#8243;][vc_custom_heading text=&#8221;L\u00e9pjen vel\u00fcnk kapcsolatba \u00e9s tudjon meg t\u00f6bbet&#8221; use_theme_fonts=&#8221;yes&#8221; el_class=&#8221;pfe-small2&#8243;][vc_column_text]Kert\u00e9szeti k\u00f6zpontban, vir\u00e1gboltban vagy kiskereskedelmi \u00fczletben \u00e1rul musk\u00e1tlit? Mi seg\u00edthet\u00fcnk \u00d6nnek. Vegye fel vel\u00fcnk a kapcsolatot. \u00d6r\u00f6mmel v\u00e1rjuk a jelentkez\u00e9s\u00e9t![\/vc_column_text][vc_column_text]<a href=\"\/hu\/kapcsolat\/\">Kapcsolat &gt;&gt;<\/a>[\/vc_column_text][\/vc_column][\/vc_row]<\/p><\/div><div class=\"acf-fields-container\" data-post-id=\"653\" data-canto-acf=\"true\"><\/div><style>\r\n        .acf-fields-container {\r\n            margin: 2em 0;\r\n            width: 100%;\r\n            clear: both;\r\n        }\r\n        .acf-field-image {\r\n            margin: 1.5em 0;\r\n            position: relative;\r\n        }\r\n        .acf-field-label {\r\n            margin-bottom: 1em;\r\n        }\r\n        .acf-image {\r\n            max-width: 100%;\r\n            height: auto;\r\n            display: block;\r\n            margin: 1em 0;\r\n        }\r\n    <\/style>","protected":false},"excerpt":{"rendered":"<p>[vc_row][vc_column][vc_custom_heading text=&#8221;Musk\u00e1tli elad\u00e1ssal foglalkozik? \u00cdgy n\u00f6velje elad\u00e1sait.&#8221; font_container=&#8221;tag:h2|text_align:center&#8221; use_theme_fonts=&#8221;yes&#8221; el_class=&#8221;pfe-small2&#8243; el_id=&#8221;eladni&#8221;][vc_column_text] Szak\u00e9rt\u0151i \u00e9rt\u00e9kes\u00edt\u00e9si \u00e9s marketing tan\u00e1csad\u00e1st k\u00edn\u00e1lunk, valamint olyan \u00e9rt\u00e9kes\u00edt\u00e9si anyagokat, mint ingyenes fot\u00f3k, \u00edrott tartalmak \u00e9s vide\u00f3k. Haszn\u00e1lja fel tartalmainkat saj\u00e1t marketingtev\u00e9kenys\u00e9g\u00e9hez, ezzel is er\u0151s\u00edtve a v\u00e1s\u00e1rl\u00f3k elk\u00f6telez\u0151d\u00e9s\u00e9t \u00e9s az \u00d6n kert\u00e9szeti szak\u00e9rtelm\u00e9t. [\/vc_column_text][\/vc_column][\/vc_row][vc_row el_class=&#8221;pfe-flexibel-abstand&#8221;][vc_column][vc_empty_space height=&#8221;50px&#8221;][\/vc_column][\/vc_row][vc_row][vc_column width=&#8221;1\/2&#8243;][vc_custom_heading text=&#8221;V\u00e1s\u00e1rl\u00f3i \u00e9lm\u00e9ny n\u00f6vel\u00e9se&#8221; use_theme_fonts=&#8221;yes&#8221; el_class=&#8221;pfe-small&#8221;][vc_column_text]Ragadja meg a [&hellip;]<\/p>\n","protected":false},"author":1,"featured_media":3787,"parent":0,"menu_order":0,"comment_status":"closed","ping_status":"closed","template":"template-parts\/pfe-trade.php","meta":{"_acf_changed":false,"inline_featured_image":false,"footnotes":""},"class_list":["post-653","page","type-page","status-publish","has-post-thumbnail","hentry"],"acf":[],"_links":{"self":[{"href":"https:\/\/pfe-trade.com\/hu\/wp-json\/wp\/v2\/pages\/653","targetHints":{"allow":["GET"]}}],"collection":[{"href":"https:\/\/pfe-trade.com\/hu\/wp-json\/wp\/v2\/pages"}],"about":[{"href":"https:\/\/pfe-trade.com\/hu\/wp-json\/wp\/v2\/types\/page"}],"author":[{"embeddable":true,"href":"https:\/\/pfe-trade.com\/hu\/wp-json\/wp\/v2\/users\/1"}],"replies":[{"embeddable":true,"href":"https:\/\/pfe-trade.com\/hu\/wp-json\/wp\/v2\/comments?post=653"}],"version-history":[{"count":116,"href":"https:\/\/pfe-trade.com\/hu\/wp-json\/wp\/v2\/pages\/653\/revisions"}],"predecessor-version":[{"id":4519,"href":"https:\/\/pfe-trade.com\/hu\/wp-json\/wp\/v2\/pages\/653\/revisions\/4519"}],"wp:featuredmedia":[{"embeddable":true,"href":"https:\/\/pfe-trade.com\/hu\/wp-json\/wp\/v2\/media\/3787"}],"wp:attachment":[{"href":"https:\/\/pfe-trade.com\/hu\/wp-json\/wp\/v2\/media?parent=653"}],"curies":[{"name":"wp","href":"https:\/\/api.w.org\/{rel}","templated":true}]}}