{"id":4468,"date":"2024-02-08T11:04:51","date_gmt":"2024-02-08T10:04:51","guid":{"rendered":"https:\/\/pfe-trade.com\/hr\/?post_type=sustainability&#038;p=4468"},"modified":"2024-08-13T14:14:31","modified_gmt":"2024-08-13T12:14:31","slug":"ojacati-regionalnu-hortikulturu","status":"publish","type":"sustainability","link":"https:\/\/pfe-trade.com\/hr\/sustainability\/ojacati-regionalnu-hortikulturu\/","title":{"rendered":"Oja\u010dati regionalnu hortikulturu\u00a0"},"content":{"rendered":"<p><b><i><span data-contrast=\"auto\">Tema:<\/span><\/i><\/b><i><span data-contrast=\"auto\"> Zajednica<\/span><\/i><span data-ccp-props=\"{}\"><br \/>\n<\/span><b><i><span data-contrast=\"auto\">Izvorni jezik:<\/span><\/i><\/b><span data-ccp-props=\"{}\"> <span class=\"ui-provider a b c d e f g h i j k l m n o p q r s t u v w x y z ab ac ae af ag ah ai aj ak\" dir=\"ltr\"><img decoding=\"async\" src=\"\/wp-content\/plugins\/multisite-language-switcher\/css-flags\/flags\/4x3\/de.svg\" style=\"height: 1.25rem;\" alt=\"Flag de\" title=\"DE\"\/><br \/>\n<\/span><\/span><b><i><span data-contrast=\"auto\">Datum objave:<\/span><\/i><\/b><i><span data-contrast=\"auto\"> 08.02.2024.<\/span><\/i><span data-ccp-props=\"{}\"><br \/>\n<\/span><i><span data-contrast=\"auto\">Na Hessenskom danu hortikulture, dr\u017eavni tajnik za poljoprivredu nagla\u0161ava potporu regionalnoj hortikulturi, suo\u010davaju\u0107i se s izazovima kao \u0161to su rastu\u0107i tro\u0161kovi, nedostatak radne snage i birokratske prepreke, zala\u017eu\u0107i se za zdravu konkurenciju.<\/span><\/i><span data-ccp-props=\"{}\">\u00a0<\/span><\/p>\n<p><a href=\"https:\/\/www.dega-gartenbau.de\/aktuelles\/news-gartenbau\/den-regionalen-gartenbau-staerken,QUlEPTc4NDc2MDgmTUlEPTE3NzcyNg.html?UID=0E0F45B72F81D2F46C5A4851555FA9AF04CF01913844DA\"><i><span data-contrast=\"none\">Pro\u010ditajte na dega-gartenbau.de &#8230;<\/span><\/i><\/a><span data-ccp-props=\"{}\">\u00a0<\/span><\/p><div class=\"acf-fields-container\" data-post-id=\"4468\" data-canto-acf=\"true\"><\/div><style>\r\n        .acf-fields-container {\r\n            margin: 2em 0;\r\n            width: 100%;\r\n            clear: both;\r\n        }\r\n        .acf-field-image {\r\n            margin: 1.5em 0;\r\n            position: relative;\r\n        }\r\n        .acf-field-label {\r\n            margin-bottom: 1em;\r\n        }\r\n        .acf-image {\r\n            max-width: 100%;\r\n            height: auto;\r\n            display: block;\r\n            margin: 1em 0;\r\n        }\r\n    <\/style>","protected":false},"featured_media":0,"template":"","meta":{"_acf_changed":false,"inline_featured_image":false},"sustainabilitycategory":[110],"class_list":["post-4468","sustainability","type-sustainability","status-publish","hentry","sustainabilitycategory-zajednica"],"acf":[],"_links":{"self":[{"href":"https:\/\/pfe-trade.com\/hr\/wp-json\/wp\/v2\/sustainability\/4468","targetHints":{"allow":["GET"]}}],"collection":[{"href":"https:\/\/pfe-trade.com\/hr\/wp-json\/wp\/v2\/sustainability"}],"about":[{"href":"https:\/\/pfe-trade.com\/hr\/wp-json\/wp\/v2\/types\/sustainability"}],"wp:attachment":[{"href":"https:\/\/pfe-trade.com\/hr\/wp-json\/wp\/v2\/media?parent=4468"}],"wp:term":[{"taxonomy":"sustainabilitycategory","embeddable":true,"href":"https:\/\/pfe-trade.com\/hr\/wp-json\/wp\/v2\/sustainabilitycategory?post=4468"}],"curies":[{"name":"wp","href":"https:\/\/api.w.org\/{rel}","templated":true}]}}