{"id":4424,"date":"2024-02-19T11:58:47","date_gmt":"2024-02-19T10:58:47","guid":{"rendered":"https:\/\/pfe-trade.com\/es\/?post_type=sustainability&#038;p=4424"},"modified":"2024-08-06T16:00:52","modified_gmt":"2024-08-06T14:00:52","slug":"nuevo-recurso-digital-de-perennial-para-los-cuidadores-de-la-comunidad-horticola","status":"publish","type":"sustainability","link":"https:\/\/pfe-trade.com\/es\/sustainability\/nuevo-recurso-digital-de-perennial-para-los-cuidadores-de-la-comunidad-horticola\/","title":{"rendered":"Nuevo recurso digital de Perennial para los cuidadores de la comunidad hort\u00edcola"},"content":{"rendered":"<p><b><i><span data-contrast=\"auto\">Tema: <\/span><\/i><\/b><i>Empleo y bienestar<\/i><span data-ccp-props=\"{}\"><br \/>\n<\/span><b><i><span data-contrast=\"auto\">Idioma de origen:<\/span><\/i><\/b><span data-ccp-props=\"{}\"> <span class=\"ui-provider a b c d e f g h i j k l m n o p q r s t u v w x y z ab ac ae af ag ah ai aj ak\" dir=\"ltr\"><img decoding=\"async\" src=\"\/wp-content\/plugins\/multisite-language-switcher\/css-flags\/flags\/4x3\/de.svg\" style=\"height: 1.25rem;\" alt=\"Flag de\" title=\"DE\"\/>\u00a0<\/span><br \/>\n<\/span><b><i><span data-contrast=\"auto\">Fecha de publicaci\u00f3n: <\/span><\/i><\/b><i>19<\/i><i><span data-contrast=\"auto\">.02.2024<\/span><\/i><span data-ccp-props=\"{}\"><br \/>\n<\/span><em>Perennial ofrece una herramienta digital gratuita para trabajadores del sector que est\u00e1n al cargo de otras personas. Esta herramienta proporciona apoyo personalizado, gu\u00edas pr\u00e1cticas y una aplicaci\u00f3n de coordinaci\u00f3n de cuidados para gestionar las responsabilidades con eficacia.<\/em><\/p>\n<p><a href=\"https:\/\/hortnews.com\/new-digital-resource-for-carers-within-the-horticultural-community-from-perennial\/\">Leer en hortnews.com &#8230;<\/a><\/p>\n<p>&nbsp;<\/p>\n<p>&nbsp;<\/p><div class=\"acf-fields-container\" data-post-id=\"4424\" data-canto-acf=\"true\"><\/div><style>\r\n        .acf-fields-container {\r\n            margin: 2em 0;\r\n            width: 100%;\r\n            clear: both;\r\n        }\r\n        .acf-field-image {\r\n            margin: 1.5em 0;\r\n            position: relative;\r\n        }\r\n        .acf-field-label {\r\n            margin-bottom: 1em;\r\n        }\r\n        .acf-image {\r\n            max-width: 100%;\r\n            height: auto;\r\n            display: block;\r\n            margin: 1em 0;\r\n        }\r\n    <\/style>","protected":false},"featured_media":0,"template":"","meta":{"_acf_changed":false,"inline_featured_image":false},"sustainabilitycategory":[107],"class_list":["post-4424","sustainability","type-sustainability","status-publish","hentry","sustainabilitycategory-empleo-y-bienestar"],"acf":[],"_links":{"self":[{"href":"https:\/\/pfe-trade.com\/es\/wp-json\/wp\/v2\/sustainability\/4424","targetHints":{"allow":["GET"]}}],"collection":[{"href":"https:\/\/pfe-trade.com\/es\/wp-json\/wp\/v2\/sustainability"}],"about":[{"href":"https:\/\/pfe-trade.com\/es\/wp-json\/wp\/v2\/types\/sustainability"}],"wp:attachment":[{"href":"https:\/\/pfe-trade.com\/es\/wp-json\/wp\/v2\/media?parent=4424"}],"wp:term":[{"taxonomy":"sustainabilitycategory","embeddable":true,"href":"https:\/\/pfe-trade.com\/es\/wp-json\/wp\/v2\/sustainabilitycategory?post=4424"}],"curies":[{"name":"wp","href":"https:\/\/api.w.org\/{rel}","templated":true}]}}