{"id":4420,"date":"2024-02-06T11:07:18","date_gmt":"2024-02-06T10:07:18","guid":{"rendered":"https:\/\/pfe-trade.com\/es\/?post_type=sustainability&#038;p=4420"},"modified":"2024-08-06T16:02:32","modified_gmt":"2024-08-06T14:02:32","slug":"apoyo-en-tiempos-dificiles","status":"publish","type":"sustainability","link":"https:\/\/pfe-trade.com\/es\/sustainability\/apoyo-en-tiempos-dificiles\/","title":{"rendered":"Apoyo en tiempos dif\u00edciles"},"content":{"rendered":"<p><b><i><span data-contrast=\"auto\">Tema: <\/span><\/i><\/b><i>Empleo y bienestar<\/i><span data-ccp-props=\"{}\"><br \/>\n<\/span><b><i><span data-contrast=\"auto\">Idioma de origen:<\/span><\/i><\/b><span data-ccp-props=\"{}\"> <span class=\"ui-provider a b c d e f g h i j k l m n o p q r s t u v w x y z ab ac ae af ag ah ai aj ak\" dir=\"ltr\"><img decoding=\"async\" src=\"\/wp-content\/plugins\/multisite-language-switcher\/css-flags\/flags\/4x3\/de.svg\" style=\"height: 1.25rem;\" alt=\"Flag de\" title=\"DE\"\/>\u00a0<\/span><br \/>\n<\/span><b><i><span data-contrast=\"auto\">Fecha de publicaci\u00f3n: <\/span><\/i><\/b><i>06<\/i><i><span data-contrast=\"auto\">.02.2024<\/span><\/i><span data-ccp-props=\"{}\"><br \/>\n<\/span><em>SVLFG ofrece apoyo a medida para la salud mental de los trabajadores del sector agr\u00edcola, abordando problemas como el estr\u00e9s, los conflictos y la gesti\u00f3n de crisis a trav\u00e9s de diversos servicios.<\/em><\/p>\n<p><a href=\"https:\/\/www.dega-gartenbau.de\/aktuelles\/news-gartenbau\/unterstuetzung-in-schweren-zeiten,QUlEPTc4NDI4NDkmTUlEPTE3NzcyNg.html?UID=0E0F45B72F81D2F46C5A4851555FA9AF04CF01913844DA\">Leer en dega-gartenbau.de &#8230;<\/a><\/p>\n<p>&nbsp;<\/p><div class=\"acf-fields-container\" data-post-id=\"4420\" data-canto-acf=\"true\"><\/div><style>\r\n        .acf-fields-container {\r\n            margin: 2em 0;\r\n            width: 100%;\r\n            clear: both;\r\n        }\r\n        .acf-field-image {\r\n            margin: 1.5em 0;\r\n            position: relative;\r\n        }\r\n        .acf-field-label {\r\n            margin-bottom: 1em;\r\n        }\r\n        .acf-image {\r\n            max-width: 100%;\r\n            height: auto;\r\n            display: block;\r\n            margin: 1em 0;\r\n        }\r\n    <\/style>","protected":false},"featured_media":0,"template":"","meta":{"_acf_changed":false,"inline_featured_image":false},"sustainabilitycategory":[107],"class_list":["post-4420","sustainability","type-sustainability","status-publish","hentry","sustainabilitycategory-empleo-y-bienestar"],"acf":[],"_links":{"self":[{"href":"https:\/\/pfe-trade.com\/es\/wp-json\/wp\/v2\/sustainability\/4420","targetHints":{"allow":["GET"]}}],"collection":[{"href":"https:\/\/pfe-trade.com\/es\/wp-json\/wp\/v2\/sustainability"}],"about":[{"href":"https:\/\/pfe-trade.com\/es\/wp-json\/wp\/v2\/types\/sustainability"}],"wp:attachment":[{"href":"https:\/\/pfe-trade.com\/es\/wp-json\/wp\/v2\/media?parent=4420"}],"wp:term":[{"taxonomy":"sustainabilitycategory","embeddable":true,"href":"https:\/\/pfe-trade.com\/es\/wp-json\/wp\/v2\/sustainabilitycategory?post=4420"}],"curies":[{"name":"wp","href":"https:\/\/api.w.org\/{rel}","templated":true}]}}