{"id":4366,"date":"2024-01-15T11:54:06","date_gmt":"2024-01-15T10:54:06","guid":{"rendered":"https:\/\/pfe-trade.com\/es\/?post_type=sustainability&#038;p=4366"},"modified":"2024-08-06T14:20:50","modified_gmt":"2024-08-06T12:20:50","slug":"agrofotovoltaica-un-modulo-solar-en-el-invernadero","status":"publish","type":"sustainability","link":"https:\/\/pfe-trade.com\/es\/sustainability\/agrofotovoltaica-un-modulo-solar-en-el-invernadero\/","title":{"rendered":"Agrofotovoltaica: un m\u00f3dulo solar en el invernadero"},"content":{"rendered":"<p><b><i><span data-contrast=\"auto\">Tema: <\/span><\/i><\/b><i><span data-contrast=\"auto\">Energ\u00eda<\/span><\/i><span data-ccp-props=\"{}\"><br \/>\n<\/span><b><i><span data-contrast=\"auto\">Idioma de origen:<\/span><\/i><\/b><span data-ccp-props=\"{}\"> <span class=\"ui-provider a b c d e f g h i j k l m n o p q r s t u v w x y z ab ac ae af ag ah ai aj ak\" dir=\"ltr\"><img decoding=\"async\" src=\"\/wp-content\/plugins\/multisite-language-switcher\/css-flags\/flags\/4x3\/de.svg\" style=\"height: 1.25rem;\" alt=\"Flag de\" title=\"DE\"\/> <\/span><br \/>\n<\/span><b><i><span data-contrast=\"auto\">Fecha de publicaci\u00f3n: <\/span><\/i><\/b><i><span data-contrast=\"auto\">15.01.2024<\/span><\/i><span data-ccp-props=\"{}\"><br \/>\n<\/span><i><span data-contrast=\"auto\">Mediante espejos dicroicos, los m\u00f3dulos solares de los invernaderos dividen la luz solar, produciendo energ\u00eda sin da\u00f1ar los cultivos. La tecnolog\u00eda de Voltiris SA se prueba con \u00e9xito en Suiza y en el extranjero para producir energ\u00eda.\u00a0<\/span><\/i><span data-ccp-props=\"{}\">\u00a0<\/span><\/p>\n<p><a href=\"https:\/\/www.gabot.de\/ansicht\/agri-photovoltaik-solarmodul-im-gewaechshaus-427000.html\"><i><span data-contrast=\"none\">Leer en gabot.de &#8230;<\/span><\/i><\/a><span data-ccp-props=\"{}\">\u00a0<\/span><\/p><div class=\"acf-fields-container\" data-post-id=\"4366\" data-canto-acf=\"true\"><\/div><style>\r\n        .acf-fields-container {\r\n            margin: 2em 0;\r\n            width: 100%;\r\n            clear: both;\r\n        }\r\n        .acf-field-image {\r\n            margin: 1.5em 0;\r\n            position: relative;\r\n        }\r\n        .acf-field-label {\r\n            margin-bottom: 1em;\r\n        }\r\n        .acf-image {\r\n            max-width: 100%;\r\n            height: auto;\r\n            display: block;\r\n            margin: 1em 0;\r\n        }\r\n    <\/style>","protected":false},"featured_media":0,"template":"","meta":{"_acf_changed":false,"inline_featured_image":false},"sustainabilitycategory":[99],"class_list":["post-4366","sustainability","type-sustainability","status-publish","hentry","sustainabilitycategory-energia"],"acf":[],"_links":{"self":[{"href":"https:\/\/pfe-trade.com\/es\/wp-json\/wp\/v2\/sustainability\/4366","targetHints":{"allow":["GET"]}}],"collection":[{"href":"https:\/\/pfe-trade.com\/es\/wp-json\/wp\/v2\/sustainability"}],"about":[{"href":"https:\/\/pfe-trade.com\/es\/wp-json\/wp\/v2\/types\/sustainability"}],"wp:attachment":[{"href":"https:\/\/pfe-trade.com\/es\/wp-json\/wp\/v2\/media?parent=4366"}],"wp:term":[{"taxonomy":"sustainabilitycategory","embeddable":true,"href":"https:\/\/pfe-trade.com\/es\/wp-json\/wp\/v2\/sustainabilitycategory?post=4366"}],"curies":[{"name":"wp","href":"https:\/\/api.w.org\/{rel}","templated":true}]}}