{"id":4480,"date":"2024-02-06T12:36:49","date_gmt":"2024-02-06T11:36:49","guid":{"rendered":"https:\/\/pfe-trade.com\/cs\/?post_type=sustainability&#038;p=4480"},"modified":"2024-08-15T12:39:46","modified_gmt":"2024-08-15T10:39:46","slug":"podpora-v-tezkych-casech","status":"publish","type":"sustainability","link":"https:\/\/pfe-trade.com\/cs\/sustainability\/podpora-v-tezkych-casech\/","title":{"rendered":"Podpora v t\u011b\u017ek\u00fdch \u010dasech"},"content":{"rendered":"<p><strong>T\u00e9ma:<\/strong> Zam\u011bstnanost a soci\u00e1ln\u00ed p\u00e9\u010de<br \/>\n<strong>\u200dJazyk zdroje: <img decoding=\"async\" src=\"\/wp-content\/plugins\/multisite-language-switcher\/css-flags\/flags\/4x3\/de.svg\" style=\"height: 1.25rem;\" alt=\"Flag de\" title=\"DE\"\/>\u00a0<\/strong><br \/>\n<strong>Datum zve\u0159ejn\u011bn\u00ed:<\/strong> 06.02.2024<br \/>\nSVLFG nab\u00edz\u00ed lidem v zem\u011bd\u011blsk\u00e9m sektoru podporu du\u0161evn\u00edho zdrav\u00ed \u0161itou na m\u00edru a prost\u0159ednictv\u00edm r\u016fzn\u00fdch slu\u017eeb \u0159e\u0161\u00ed probl\u00e9my jako je stres, konflikty a krize.<br \/>\n\u200d<br \/>\n\u010ct\u011bte zde:<a href=\"https:\/\/www.dega-gartenbau.de\/aktuelles\/news-gartenbau\/unterstuetzung-in-schweren-zeiten,QUlEPTc4NDI4NDkmTUlEPTE3NzcyNg.html?UID=0E0F45B72F81D2F46C5A4851555FA9AF04CF01913844DA\"> dega-gartenbau.de &#8230;<\/a><\/p><div class=\"acf-fields-container\" data-post-id=\"4480\" data-canto-acf=\"true\"><\/div><style>\r\n        .acf-fields-container {\r\n            margin: 2em 0;\r\n            width: 100%;\r\n            clear: both;\r\n        }\r\n        .acf-field-image {\r\n            margin: 1.5em 0;\r\n            position: relative;\r\n        }\r\n        .acf-field-label {\r\n            margin-bottom: 1em;\r\n        }\r\n        .acf-image {\r\n            max-width: 100%;\r\n            height: auto;\r\n            display: block;\r\n            margin: 1em 0;\r\n        }\r\n    <\/style>","protected":false},"featured_media":0,"template":"","meta":{"_acf_changed":false,"inline_featured_image":false},"sustainabilitycategory":[106],"class_list":["post-4480","sustainability","type-sustainability","status-publish","hentry","sustainabilitycategory-zamestnanost-a-socialni-zabezpeceni"],"acf":[],"_links":{"self":[{"href":"https:\/\/pfe-trade.com\/cs\/wp-json\/wp\/v2\/sustainability\/4480","targetHints":{"allow":["GET"]}}],"collection":[{"href":"https:\/\/pfe-trade.com\/cs\/wp-json\/wp\/v2\/sustainability"}],"about":[{"href":"https:\/\/pfe-trade.com\/cs\/wp-json\/wp\/v2\/types\/sustainability"}],"wp:attachment":[{"href":"https:\/\/pfe-trade.com\/cs\/wp-json\/wp\/v2\/media?parent=4480"}],"wp:term":[{"taxonomy":"sustainabilitycategory","embeddable":true,"href":"https:\/\/pfe-trade.com\/cs\/wp-json\/wp\/v2\/sustainabilitycategory?post=4480"}],"curies":[{"name":"wp","href":"https:\/\/api.w.org\/{rel}","templated":true}]}}